{"id":908,"date":"2023-04-05T11:10:00","date_gmt":"2023-04-05T09:10:00","guid":{"rendered":"https:\/\/westwerkkultur.de\/?page_id=908"},"modified":"2025-06-23T21:51:23","modified_gmt":"2025-06-23T19:51:23","slug":"kunstkoffer","status":"publish","type":"page","link":"https:\/\/westwerkkultur.de\/index.php\/kunstkoffer\/","title":{"rendered":"Kunstkoffer"},"content":{"rendered":"<style>.kb-row-layout-id908_d9fcd8-58 > .kt-row-column-wrap{align-content:start;}:where(.kb-row-layout-id908_d9fcd8-58 > .kt-row-column-wrap) > .wp-block-kadence-column{justify-content:start;}.kb-row-layout-id908_d9fcd8-58 > .kt-row-column-wrap{column-gap:var(--global-kb-gap-md, 2rem);row-gap:var(--global-kb-gap-md, 2rem);padding-top:5px;padding-bottom:25px;grid-template-columns:repeat(2, minmax(0, 1fr));}.kb-row-layout-id908_d9fcd8-58 > .kt-row-layout-overlay{opacity:0.30;}@media all and (max-width: 1024px){.kb-row-layout-id908_d9fcd8-58 > .kt-row-column-wrap{grid-template-columns:repeat(2, minmax(0, 1fr));}}@media all and (max-width: 767px){.kb-row-layout-id908_d9fcd8-58 > .kt-row-column-wrap{grid-template-columns:minmax(0, 1fr);}}<\/style><div class=\"kb-row-layout-wrap kb-row-layout-id908_d9fcd8-58 alignnone wp-block-kadence-rowlayout\"><div class=\"kt-row-column-wrap kt-has-2-columns kt-row-layout-equal kt-tab-layout-inherit kt-mobile-layout-row kt-row-valign-top\">\n<style>.kadence-column908_c2f85b-5d > .kt-inside-inner-col,.kadence-column908_c2f85b-5d > .kt-inside-inner-col:before{border-top-left-radius:0px;border-top-right-radius:0px;border-bottom-right-radius:0px;border-bottom-left-radius:0px;}.kadence-column908_c2f85b-5d > .kt-inside-inner-col{column-gap:var(--global-kb-gap-sm, 1rem);}.kadence-column908_c2f85b-5d > .kt-inside-inner-col{flex-direction:column;}.kadence-column908_c2f85b-5d > .kt-inside-inner-col > .aligncenter{width:100%;}.kadence-column908_c2f85b-5d > .kt-inside-inner-col:before{opacity:0.3;}.kadence-column908_c2f85b-5d{position:relative;}@media all and (max-width: 1024px){.kadence-column908_c2f85b-5d > .kt-inside-inner-col{flex-direction:column;justify-content:center;}}@media all and (max-width: 767px){.kadence-column908_c2f85b-5d > .kt-inside-inner-col{flex-direction:column;justify-content:center;}}<\/style>\n<div class=\"wp-block-kadence-column kadence-column908_c2f85b-5d inner-column-1\"><div class=\"kt-inside-inner-col\"><style>.wp-block-kadence-advancedheading.kt-adv-heading908_55f887-b9, .wp-block-kadence-advancedheading.kt-adv-heading908_55f887-b9[data-kb-block=\"kb-adv-heading908_55f887-b9\"]{padding-bottom:0px;font-size:40px;line-height:20px;font-weight:800;font-style:normal;font-family:Montserrat;}.wp-block-kadence-advancedheading.kt-adv-heading908_55f887-b9 mark.kt-highlight, .wp-block-kadence-advancedheading.kt-adv-heading908_55f887-b9[data-kb-block=\"kb-adv-heading908_55f887-b9\"] mark.kt-highlight{font-style:normal;color:#f76a0c;-webkit-box-decoration-break:clone;box-decoration-break:clone;padding-top:0px;padding-right:0px;padding-bottom:0px;padding-left:0px;}.wp-block-kadence-advancedheading.kt-adv-heading908_55f887-b9 img.kb-inline-image, .wp-block-kadence-advancedheading.kt-adv-heading908_55f887-b9[data-kb-block=\"kb-adv-heading908_55f887-b9\"] img.kb-inline-image{width:150px;vertical-align:baseline;}<\/style>\n<h2 class=\"kt-adv-heading908_55f887-b9 wp-block-kadence-advancedheading\" data-kb-block=\"kb-adv-heading908_55f887-b9\">Die Kunst-Koffer<\/h2>\n\n\n<style>.wp-block-kadence-advancedheading.kt-adv-heading908_d52078-59, .wp-block-kadence-advancedheading.kt-adv-heading908_d52078-59[data-kb-block=\"kb-adv-heading908_d52078-59\"]{font-size:19px;line-height:24px;font-weight:300;font-style:normal;font-family:Montserrat;}.wp-block-kadence-advancedheading.kt-adv-heading908_d52078-59 mark.kt-highlight, .wp-block-kadence-advancedheading.kt-adv-heading908_d52078-59[data-kb-block=\"kb-adv-heading908_d52078-59\"] mark.kt-highlight{font-style:normal;color:#f76a0c;-webkit-box-decoration-break:clone;box-decoration-break:clone;padding-top:0px;padding-right:0px;padding-bottom:0px;padding-left:0px;}.wp-block-kadence-advancedheading.kt-adv-heading908_d52078-59 img.kb-inline-image, .wp-block-kadence-advancedheading.kt-adv-heading908_d52078-59[data-kb-block=\"kb-adv-heading908_d52078-59\"] img.kb-inline-image{width:150px;vertical-align:baseline;}<\/style>\n<h5 class=\"kt-adv-heading908_d52078-59 wp-block-kadence-advancedheading\" data-kb-block=\"kb-adv-heading908_d52078-59\">Offenes Bildungsprojekt<\/h5>\n\n\n<style>.wp-block-kadence-advancedheading.kt-adv-heading908_40ce1f-7a, .wp-block-kadence-advancedheading.kt-adv-heading908_40ce1f-7a[data-kb-block=\"kb-adv-heading908_40ce1f-7a\"]{display:block;font-size:15px;font-style:normal;}.wp-block-kadence-advancedheading.kt-adv-heading908_40ce1f-7a mark.kt-highlight, .wp-block-kadence-advancedheading.kt-adv-heading908_40ce1f-7a[data-kb-block=\"kb-adv-heading908_40ce1f-7a\"] mark.kt-highlight{font-style:normal;color:#f76a0c;-webkit-box-decoration-break:clone;box-decoration-break:clone;padding-top:0px;padding-right:0px;padding-bottom:0px;padding-left:0px;}.wp-block-kadence-advancedheading.kt-adv-heading908_40ce1f-7a img.kb-inline-image, .wp-block-kadence-advancedheading.kt-adv-heading908_40ce1f-7a[data-kb-block=\"kb-adv-heading908_40ce1f-7a\"] img.kb-inline-image{width:150px;vertical-align:baseline;}<\/style>\n<span class=\"kt-adv-heading908_40ce1f-7a wp-block-kadence-advancedheading\" data-kb-block=\"kb-adv-heading908_40ce1f-7a\">Die Idee der Kunst-Koffer ist ebenso schlicht wie erfolgreich: Kinder erfahren individuelle F\u00f6rderung \u00fcber k\u00fcnstlerische Mittel und hierf\u00fcr m\u00fcssen sie nicht ihr Lebensumfeld verlassen, sondern werden in ihrem Stadtviertel von mobilen Kunst-Koffer Wagen selbst aufgesucht. &#8222;Die Kunst-Koffer kommen&#8220; ist ein Projekt an der Schnittstelle von \u00e4sthetischer Bildung und sozialem Engagement, das in Braunschweig auf dem Spielplatz Arndtstra\u00dfe, Ecke Jahnstra\u00dfe sowie am Frankfurter Platz stattfindet. Seit 2022 wird eine dritte Station (Kunst-Koffer-Haltestelle) auf dem Spielplatz Hebbelstra\u00dfe angefahren.<\/span>\n<\/div><\/div>\n\n\n<style>.kadence-column908_0c97e3-69 > .kt-inside-inner-col,.kadence-column908_0c97e3-69 > .kt-inside-inner-col:before{border-top-left-radius:0px;border-top-right-radius:0px;border-bottom-right-radius:0px;border-bottom-left-radius:0px;}.kadence-column908_0c97e3-69 > .kt-inside-inner-col{column-gap:var(--global-kb-gap-sm, 1rem);}.kadence-column908_0c97e3-69 > .kt-inside-inner-col{flex-direction:column;}.kadence-column908_0c97e3-69 > .kt-inside-inner-col > .aligncenter{width:100%;}.kadence-column908_0c97e3-69 > .kt-inside-inner-col:before{opacity:0.3;}.kadence-column908_0c97e3-69{position:relative;}@media all and (max-width: 1024px){.kadence-column908_0c97e3-69 > .kt-inside-inner-col{flex-direction:column;justify-content:center;}}@media all and (max-width: 767px){.kadence-column908_0c97e3-69 > .kt-inside-inner-col{flex-direction:column;justify-content:center;}}<\/style>\n<div class=\"wp-block-kadence-column kadence-column908_0c97e3-69 inner-column-2\"><div class=\"kt-inside-inner-col\"><style>.kb-image908_703982-6f .kb-image-has-overlay:after{opacity:0.3;border-top-left-radius:25px;border-top-right-radius:25px;border-bottom-right-radius:25px;border-bottom-left-radius:25px;}.kb-image908_703982-6f img.kb-img, .kb-image908_703982-6f .kb-img img{border-top:12px solid #444444;border-right:12px solid #444444;border-bottom:12px solid #444444;border-left:12px solid #444444;border-top-left-radius:25px;border-top-right-radius:25px;border-bottom-right-radius:25px;border-bottom-left-radius:25px;}@media all and (max-width: 1024px){.kb-image908_703982-6f img.kb-img, .kb-image908_703982-6f .kb-img img{border-top:12px solid #444444;border-right:12px solid #444444;border-bottom:12px solid #444444;border-left:12px solid #444444;}}@media all and (max-width: 767px){.kb-image908_703982-6f img.kb-img, .kb-image908_703982-6f .kb-img img{border-top:12px solid #444444;border-right:12px solid #444444;border-bottom:12px solid #444444;border-left:12px solid #444444;}}<\/style>\n<figure class=\"wp-block-kadence-image kb-image908_703982-6f size-large\"><img loading=\"lazy\" decoding=\"async\" width=\"1024\" height=\"683\" src=\"https:\/\/westwerkkultur.de\/wp-content\/uploads\/2023\/04\/kunstkoffer-1024x683.jpg\" alt=\"\" class=\"kb-img wp-image-912\" srcset=\"https:\/\/westwerkkultur.de\/wp-content\/uploads\/2023\/04\/kunstkoffer-1024x683.jpg 1024w, https:\/\/westwerkkultur.de\/wp-content\/uploads\/2023\/04\/kunstkoffer-300x200.jpg 300w, https:\/\/westwerkkultur.de\/wp-content\/uploads\/2023\/04\/kunstkoffer-768x512.jpg 768w, https:\/\/westwerkkultur.de\/wp-content\/uploads\/2023\/04\/kunstkoffer-272x182.jpg 272w, https:\/\/westwerkkultur.de\/wp-content\/uploads\/2023\/04\/kunstkoffer.jpg 1200w\" sizes=\"auto, (max-width: 1024px) 100vw, 1024px\" \/><\/figure>\n<\/div><\/div>\n\n<\/div><\/div>\n\n<style>.wp-block-kadence-advancedheading.kt-adv-heading908_554fc7-53, .wp-block-kadence-advancedheading.kt-adv-heading908_554fc7-53[data-kb-block=\"kb-adv-heading908_554fc7-53\"]{display:block;font-size:15px;font-style:normal;}.wp-block-kadence-advancedheading.kt-adv-heading908_554fc7-53 mark.kt-highlight, .wp-block-kadence-advancedheading.kt-adv-heading908_554fc7-53[data-kb-block=\"kb-adv-heading908_554fc7-53\"] mark.kt-highlight{font-style:normal;color:#f76a0c;-webkit-box-decoration-break:clone;box-decoration-break:clone;padding-top:0px;padding-right:0px;padding-bottom:0px;padding-left:0px;}.wp-block-kadence-advancedheading.kt-adv-heading908_554fc7-53 img.kb-inline-image, .wp-block-kadence-advancedheading.kt-adv-heading908_554fc7-53[data-kb-block=\"kb-adv-heading908_554fc7-53\"] img.kb-inline-image{width:150px;vertical-align:baseline;}<\/style>\n<span class=\"kt-adv-heading908_554fc7-53 wp-block-kadence-advancedheading\" data-kb-block=\"kb-adv-heading908_554fc7-53\">K\u00fcnstlerinnen den Kindern des Viertels mit Material gef\u00fcllte Koffer zum freien Experimentieren an. In den Koffern gibt es sowohl Papier, Pappe, Stifte, Pinsel, Gouache-Farben und Naturmaterialien, als auch Ton, Holz und Werkzeuge. Ohne Anmeldung, immer kostenfrei nehmen die Kinder teil an einem einladenden Angebot auf offener Stra\u00dfe. Es gibt keine Vorgaben oder Bewertungen, die die Kinder in ihrer T\u00e4tigkeit einschr\u00e4nken w\u00fcrden. Zuverl\u00e4ssig, kontinuierlich und liebevoll werden sie hier in selbst bestimmtem Umgang mit den bereitgehaltenen Materialien begleitet. In einer Atelier-Atmosph\u00e4re unter freiem Himmel kann f\u00fcr jede Teilnehmerin jene Anziehungskraft entstehen, die das k\u00fcnstlerische Arbeiten in dieser Gesellschaft f\u00fcr viele Menschen besitzt: R\u00e4tselhaftes, Pers\u00f6nliches, Subjektives!<\/span>\n\n\n<style>.wp-block-kadence-advancedheading.kt-adv-heading908_a71f22-b8, .wp-block-kadence-advancedheading.kt-adv-heading908_a71f22-b8[data-kb-block=\"kb-adv-heading908_a71f22-b8\"]{display:block;font-style:normal;}.wp-block-kadence-advancedheading.kt-adv-heading908_a71f22-b8 mark.kt-highlight, .wp-block-kadence-advancedheading.kt-adv-heading908_a71f22-b8[data-kb-block=\"kb-adv-heading908_a71f22-b8\"] mark.kt-highlight{font-style:normal;color:#f76a0c;-webkit-box-decoration-break:clone;box-decoration-break:clone;padding-top:0px;padding-right:0px;padding-bottom:0px;padding-left:0px;}.wp-block-kadence-advancedheading.kt-adv-heading908_a71f22-b8 img.kb-inline-image, .wp-block-kadence-advancedheading.kt-adv-heading908_a71f22-b8[data-kb-block=\"kb-adv-heading908_a71f22-b8\"] img.kb-inline-image{width:150px;vertical-align:baseline;}<\/style>\n<span class=\"kt-adv-heading908_a71f22-b8 wp-block-kadence-advancedheading\" data-kb-block=\"kb-adv-heading908_a71f22-b8\">&#8222;Die Kunst-Koffer kommen&#8220; ist ein au\u00dferschulisches Bildungsprojekt und erm\u00f6glicht den Teilnehmer*innen sinnliche Grunderfahrungen anhand elementarer Materialien in einem offenen Rahmen. Die Projekte f\u00f6rdern sowohl die pers\u00f6nliche Entfaltung jedes Einzelnen als auch die Entwicklung von Respekt und Toleranz gegen\u00fcber Anderen und ihren sch\u00f6pferischen Prozessen. Die Kunst-Koffer und die Kunst-Werkstatt sind niederschwellige Angebote; Kinder m\u00fcssen keine Zugangsschranken \u00fcberwinden.<br><br><strong>Kunst-Koffer-Tr\u00e4ger*innen <\/strong><br>Wir sind eine Gruppe von K\u00fcnstler*innen, Kunstp\u00e4dagogen*innen. Wir geh\u00f6ren zu der bundesweiten Initiative &#8222;Die Kunst-Koffer kommen&#8220;. Uns liegt die F\u00f6rderung \u00e4sthetischer und kultureller Bildung in allen Gesellschaftsgruppen am Herzen. Deshalb bem\u00fchen wir uns, weitere K\u00fcnstler*innen und Interessierte in unser Projekt einzubeziehen. Tr\u00e4ger der Braunschweiger Kunst-Koffer ist der Kunstverein Jahnstra\u00dfe e.V.<\/span>\n\n\n<style>.wp-block-kadence-advancedheading.kt-adv-heading908_6a2f69-d1, .wp-block-kadence-advancedheading.kt-adv-heading908_6a2f69-d1[data-kb-block=\"kb-adv-heading908_6a2f69-d1\"]{display:block;margin-bottom:var(--global-kb-spacing-xl, 4rem);font-style:normal;}.wp-block-kadence-advancedheading.kt-adv-heading908_6a2f69-d1 mark.kt-highlight, .wp-block-kadence-advancedheading.kt-adv-heading908_6a2f69-d1[data-kb-block=\"kb-adv-heading908_6a2f69-d1\"] mark.kt-highlight{font-style:normal;color:#f76a0c;-webkit-box-decoration-break:clone;box-decoration-break:clone;padding-top:0px;padding-right:0px;padding-bottom:0px;padding-left:0px;}.wp-block-kadence-advancedheading.kt-adv-heading908_6a2f69-d1 img.kb-inline-image, .wp-block-kadence-advancedheading.kt-adv-heading908_6a2f69-d1[data-kb-block=\"kb-adv-heading908_6a2f69-d1\"] img.kb-inline-image{width:150px;vertical-align:baseline;}<\/style>\n<span class=\"kt-adv-heading908_6a2f69-d1 wp-block-kadence-advancedheading\" data-kb-block=\"kb-adv-heading908_6a2f69-d1\"><br><strong><strong>Kunst-Koffer<\/strong>\/Werkstatt-<strong>Tr\u00e4ger*innen <\/strong><\/strong><br>Wim Laage | K\u00fcnstler*in<br>Mia Kleier | Studentin, HBK Braunschweig, Freie Kunst<br>Wiebke Reich | K\u00fcnstlerin<br>Domingos Oktaviano | Student, HBK Braunschweig, Freie Kunst<br>Elisabeth Stumpf  | K\u00fcnstlerin<br>Saskia Siebe | K\u00fcnstlerin und Mosaizistin<br>Juliane Vowinckel | K\u00fcnstlerin und Kulturgeografin<br>Reiko Yamaguchi | K\u00fcnstlerin<br><br>Projektkoordination | Saskia Siebe<br>Pressearbeit | Wiebke Reich<br>Technische Unterst\u00fctzung | Ulrich Jahnz, Peter Meier, Peter Wittlich <br>Finanzverwaltung | Tatjana Heinrich <br><br><strong>Ansprechpartner*in <\/strong><br>Kunstverein Jahnstra\u00dfe e.V.<br>c\/o Saskia Siebe<br>Marienstra\u00dfe 40 <br>38104 Braunschweig<br>+49 15753590094<\/span>\n\n\n<style>.kb-row-layout-id908_b2910f-74 > .kt-row-column-wrap{align-content:start;}:where(.kb-row-layout-id908_b2910f-74 > .kt-row-column-wrap) > .wp-block-kadence-column{justify-content:start;}.kb-row-layout-id908_b2910f-74 > .kt-row-column-wrap{column-gap:var(--global-kb-gap-none, 0rem );row-gap:var(--global-kb-gap-md, 2rem);padding-top:0px;padding-bottom:25px;grid-template-columns:minmax(0, calc(10% - ((var(--global-kb-gap-none, 0rem ) * 2 )\/3)))minmax(0, calc(10% - ((var(--global-kb-gap-none, 0rem ) * 2 )\/3)))minmax(0, calc(80% - ((var(--global-kb-gap-none, 0rem ) * 2 )\/3)));}.kb-row-layout-id908_b2910f-74 > .kt-row-layout-overlay{opacity:0.30;}.kb-row-layout-id908_b2910f-74 .kt-row-layout-bottom-sep{height:100px;}.kb-row-layout-id908_b2910f-74 .kt-row-layout-bottom-sep svg{width:100%;}.kb-row-layout-id908_b2910f-74 .kt-row-layout-bottom-sep svg{fill:#ffffff!important;}@media all and (max-width: 1024px){.kb-row-layout-id908_b2910f-74 > .kt-row-column-wrap > div:not(.added-for-specificity){grid-column:initial;}}@media all and (max-width: 1024px){.kb-row-layout-id908_b2910f-74 > .kt-row-column-wrap{grid-template-columns:repeat(3, minmax(0, 1fr));}}@media all and (max-width: 1024px){.kb-row-layout-id908_b2910f-74 .kt-row-layout-bottom-sep{height:px;}}@media all and (max-width: 1024px){.kb-row-layout-id908_b2910f-74 .kt-row-layout-bottom-sep svg{width:%;}}@media all and (max-width: 767px){.kb-row-layout-id908_b2910f-74 > .kt-row-column-wrap > div:not(.added-for-specificity){grid-column:initial;}.kb-row-layout-id908_b2910f-74 > .kt-row-column-wrap{grid-template-columns:minmax(0, 1fr);}.kb-row-layout-id908_b2910f-74 .kt-row-layout-bottom-sep{height:px;}.kb-row-layout-id908_b2910f-74 .kt-row-layout-bottom-sep svg{width:%;}}<\/style><div class=\"kb-row-layout-wrap kb-row-layout-id908_b2910f-74 alignnone wp-block-kadence-rowlayout\"><div class=\"kt-row-column-wrap kt-has-3-columns kt-row-layout-equal kt-tab-layout-inherit kt-mobile-layout-row kt-row-valign-top\">\n<style>.kadence-column908_1a6317-2e > .kt-inside-inner-col,.kadence-column908_1a6317-2e > .kt-inside-inner-col:before{border-top-left-radius:0px;border-top-right-radius:0px;border-bottom-right-radius:0px;border-bottom-left-radius:0px;}.kadence-column908_1a6317-2e > .kt-inside-inner-col{column-gap:var(--global-kb-gap-sm, 1rem);}.kadence-column908_1a6317-2e > .kt-inside-inner-col{flex-direction:column;}.kadence-column908_1a6317-2e > .kt-inside-inner-col > .aligncenter{width:100%;}.kadence-column908_1a6317-2e > .kt-inside-inner-col:before{opacity:0.3;}.kadence-column908_1a6317-2e{position:relative;}@media all and (max-width: 1024px){.kadence-column908_1a6317-2e > .kt-inside-inner-col{flex-direction:column;justify-content:center;}}@media all and (max-width: 767px){.kadence-column908_1a6317-2e > .kt-inside-inner-col{flex-direction:column;justify-content:center;}}<\/style>\n<div class=\"wp-block-kadence-column kadence-column908_1a6317-2e inner-column-1\"><div class=\"kt-inside-inner-col\"><style>.wp-block-kadence-icon.kt-svg-icons908_ccb210-cc{justify-content:flex-start;}<\/style>\n<div class=\"wp-block-kadence-icon kt-svg-icons kt-svg-icons908_ccb210-cc alignnone\"><style>.kt-svg-item-908_f90b2a-1c .kb-svg-icon-wrap, .kt-svg-style-stacked.kt-svg-item-908_f90b2a-1c .kb-svg-icon-wrap{color:#ffffff;font-size:25px;background:#e20030;border-color:#e20030;border-width:2px;border-radius:20%;padding-top:20px;padding-right:20px;padding-bottom:20px;padding-left:20px;}<\/style>\n<div class=\"wp-block-kadence-single-icon kt-svg-style-stacked kt-svg-icon-wrap kt-svg-item-908_f90b2a-1c\"><a href=\"https:\/\/kunst-koffer-braunschweig.org\/\" class=\"kt-svg-icon-link\" target=\"_blank\" rel=\"noopener noreferrer\" aria-label=\"zur Homepage\"><span class=\"kb-svg-icon-wrap kb-svg-icon-ic_home\"><svg viewBox=\"0 0 8 8\"  fill=\"currentColor\" xmlns=\"http:\/\/www.w3.org\/2000\/svg\"  aria-hidden=\"true\"><path d=\"M4 0l-4 3h1v4h2v-2h2v2h2v-4.03l1 .03-4-3z\"\/><\/svg><\/span><\/a><\/div>\n<\/div>\n<\/div><\/div>\n\n\n<style>.kadence-column908_126672-13 > .kt-inside-inner-col,.kadence-column908_126672-13 > .kt-inside-inner-col:before{border-top-left-radius:0px;border-top-right-radius:0px;border-bottom-right-radius:0px;border-bottom-left-radius:0px;}.kadence-column908_126672-13 > .kt-inside-inner-col{column-gap:var(--global-kb-gap-sm, 1rem);}.kadence-column908_126672-13 > .kt-inside-inner-col{flex-direction:column;}.kadence-column908_126672-13 > .kt-inside-inner-col > .aligncenter{width:100%;}.kadence-column908_126672-13 > .kt-inside-inner-col:before{opacity:0.3;}.kadence-column908_126672-13{position:relative;}@media all and (max-width: 1024px){.kadence-column908_126672-13 > .kt-inside-inner-col{flex-direction:column;justify-content:center;}}@media all and (max-width: 767px){.kadence-column908_126672-13 > .kt-inside-inner-col{flex-direction:column;justify-content:center;}}<\/style>\n<div class=\"wp-block-kadence-column kadence-column908_126672-13 inner-column-2\"><div class=\"kt-inside-inner-col\"><style>.wp-block-kadence-icon.kt-svg-icons908_2a3a96-60{justify-content:flex-start;}<\/style>\n<div class=\"wp-block-kadence-icon kt-svg-icons kt-svg-icons908_2a3a96-60 alignnone\"><style>.kt-svg-item-908_657f60-b6 .kb-svg-icon-wrap, .kt-svg-style-stacked.kt-svg-item-908_657f60-b6 .kb-svg-icon-wrap{color:#ffffff;font-size:25px;background:#e20030;border-color:#e20030;border-width:2px;border-radius:20%;padding-top:20px;padding-right:20px;padding-bottom:20px;padding-left:20px;}<\/style>\n<div class=\"wp-block-kadence-single-icon kt-svg-style-stacked kt-svg-icon-wrap kt-svg-item-908_657f60-b6\"><a href=\"mailto:mail@kunst-koffer-braunschweig.org\" class=\"kt-svg-icon-link\" aria-label=\"Schicke eine Email\"><span class=\"kb-svg-icon-wrap kb-svg-icon-fe_mail\"><svg viewBox=\"0 0 24 24\"  fill=\"none\" stroke=\"currentColor\" stroke-width=\"2\" stroke-linecap=\"round\" stroke-linejoin=\"round\" xmlns=\"http:\/\/www.w3.org\/2000\/svg\"  aria-hidden=\"true\"><path d=\"M4 4h16c1.1 0 2 .9 2 2v12c0 1.1-.9 2-2 2H4c-1.1 0-2-.9-2-2V6c0-1.1.9-2 2-2z\"\/><polyline points=\"22,6 12,13 2,6\"\/><\/svg><\/span><\/a><\/div>\n<\/div>\n<\/div><\/div>\n\n\n<style>.kadence-column908_18cb02-b7 > .kt-inside-inner-col,.kadence-column908_18cb02-b7 > .kt-inside-inner-col:before{border-top-left-radius:0px;border-top-right-radius:0px;border-bottom-right-radius:0px;border-bottom-left-radius:0px;}.kadence-column908_18cb02-b7 > .kt-inside-inner-col{column-gap:var(--global-kb-gap-sm, 1rem);}.kadence-column908_18cb02-b7 > .kt-inside-inner-col{flex-direction:column;}.kadence-column908_18cb02-b7 > .kt-inside-inner-col > .aligncenter{width:100%;}.kadence-column908_18cb02-b7 > .kt-inside-inner-col:before{opacity:0.3;}.kadence-column908_18cb02-b7{position:relative;}@media all and (max-width: 1024px){.kadence-column908_18cb02-b7 > .kt-inside-inner-col{flex-direction:column;justify-content:center;}}@media all and (max-width: 767px){.kadence-column908_18cb02-b7 > .kt-inside-inner-col{flex-direction:column;justify-content:center;}}<\/style>\n<div class=\"wp-block-kadence-column kadence-column908_18cb02-b7 inner-column-3\"><div class=\"kt-inside-inner-col\"><\/div><\/div>\n\n<\/div><\/div>","protected":false},"excerpt":{"rendered":"<p>Die Kunst-Koffer Offenes Bildungsprojekt Die Idee der Kunst-Koffer ist ebenso schlicht wie erfolgreich: Kinder erfahren individuelle F\u00f6rderung \u00fcber k\u00fcnstlerische Mittel und hierf\u00fcr m\u00fcssen sie nicht ihr Lebensumfeld verlassen, sondern werden in ihrem Stadtviertel von mobilen Kunst-Koffer Wagen selbst aufgesucht. &#8222;Die Kunst-Koffer kommen&#8220; ist ein Projekt an der Schnittstelle von \u00e4sthetischer Bildung und sozialem Engagement, das <a class=\"read-more\" href=\"https:\/\/westwerkkultur.de\/index.php\/kunstkoffer\/\">weiterlesen&#8230;<\/a><\/p>\n","protected":false},"author":1,"featured_media":0,"parent":0,"menu_order":0,"comment_status":"closed","ping_status":"closed","template":"","meta":{"pgc_sgb_lightbox_settings":"","footnotes":""},"class_list":["post-908","page","type-page","status-publish","hentry"],"yoast_head":"<!-- This site is optimized with the Yoast SEO plugin v27.5 - https:\/\/yoast.com\/product\/yoast-seo-wordpress\/ -->\n<title>Kunstkoffer - WestWerkKultur<\/title>\n<meta name=\"robots\" content=\"index, follow, max-snippet:-1, max-image-preview:large, max-video-preview:-1\" \/>\n<link rel=\"canonical\" href=\"https:\/\/westwerkkultur.de\/index.php\/kunstkoffer\/\" \/>\n<meta property=\"og:locale\" content=\"de_DE\" \/>\n<meta property=\"og:type\" content=\"article\" \/>\n<meta property=\"og:title\" content=\"Kunstkoffer - WestWerkKultur\" \/>\n<meta property=\"og:description\" content=\"Die Kunst-Koffer Offenes Bildungsprojekt Die Idee der Kunst-Koffer ist ebenso schlicht wie erfolgreich: Kinder erfahren individuelle F\u00f6rderung \u00fcber k\u00fcnstlerische Mittel und hierf\u00fcr m\u00fcssen sie nicht ihr Lebensumfeld verlassen, sondern werden in ihrem Stadtviertel von mobilen Kunst-Koffer Wagen selbst aufgesucht. &#8222;Die Kunst-Koffer kommen&#8220; ist ein Projekt an der Schnittstelle von \u00e4sthetischer Bildung und sozialem Engagement, das weiterlesen...\" \/>\n<meta property=\"og:url\" content=\"https:\/\/westwerkkultur.de\/index.php\/kunstkoffer\/\" \/>\n<meta property=\"og:site_name\" content=\"WestWerkKultur\" \/>\n<meta property=\"article:modified_time\" content=\"2025-06-23T19:51:23+00:00\" \/>\n<meta property=\"og:image\" content=\"https:\/\/westwerkkultur.de\/wp-content\/uploads\/2023\/04\/kunstkoffer.jpg\" \/>\n\t<meta property=\"og:image:width\" content=\"1200\" \/>\n\t<meta property=\"og:image:height\" content=\"800\" \/>\n\t<meta property=\"og:image:type\" content=\"image\/jpeg\" \/>\n<meta name=\"twitter:card\" content=\"summary_large_image\" \/>\n<meta name=\"twitter:label1\" content=\"Gesch\u00e4tzte Lesezeit\" \/>\n\t<meta name=\"twitter:data1\" content=\"3\u00a0Minuten\" \/>\n<script type=\"application\/ld+json\" class=\"yoast-schema-graph\">{\"@context\":\"https:\\\/\\\/schema.org\",\"@graph\":[{\"@type\":\"WebPage\",\"@id\":\"https:\\\/\\\/westwerkkultur.de\\\/index.php\\\/kunstkoffer\\\/\",\"url\":\"https:\\\/\\\/westwerkkultur.de\\\/index.php\\\/kunstkoffer\\\/\",\"name\":\"Kunstkoffer - WestWerkKultur\",\"isPartOf\":{\"@id\":\"https:\\\/\\\/westwerkkultur.de\\\/#website\"},\"primaryImageOfPage\":{\"@id\":\"https:\\\/\\\/westwerkkultur.de\\\/index.php\\\/kunstkoffer\\\/#primaryimage\"},\"image\":{\"@id\":\"https:\\\/\\\/westwerkkultur.de\\\/index.php\\\/kunstkoffer\\\/#primaryimage\"},\"thumbnailUrl\":\"https:\\\/\\\/westwerkkultur.de\\\/wp-content\\\/uploads\\\/2023\\\/04\\\/kunstkoffer-1024x683.jpg\",\"datePublished\":\"2023-04-05T09:10:00+00:00\",\"dateModified\":\"2025-06-23T19:51:23+00:00\",\"breadcrumb\":{\"@id\":\"https:\\\/\\\/westwerkkultur.de\\\/index.php\\\/kunstkoffer\\\/#breadcrumb\"},\"inLanguage\":\"de\",\"potentialAction\":[{\"@type\":\"ReadAction\",\"target\":[\"https:\\\/\\\/westwerkkultur.de\\\/index.php\\\/kunstkoffer\\\/\"]}]},{\"@type\":\"ImageObject\",\"inLanguage\":\"de\",\"@id\":\"https:\\\/\\\/westwerkkultur.de\\\/index.php\\\/kunstkoffer\\\/#primaryimage\",\"url\":\"https:\\\/\\\/westwerkkultur.de\\\/wp-content\\\/uploads\\\/2023\\\/04\\\/kunstkoffer.jpg\",\"contentUrl\":\"https:\\\/\\\/westwerkkultur.de\\\/wp-content\\\/uploads\\\/2023\\\/04\\\/kunstkoffer.jpg\",\"width\":1200,\"height\":800},{\"@type\":\"BreadcrumbList\",\"@id\":\"https:\\\/\\\/westwerkkultur.de\\\/index.php\\\/kunstkoffer\\\/#breadcrumb\",\"itemListElement\":[{\"@type\":\"ListItem\",\"position\":1,\"name\":\"Startseite\",\"item\":\"https:\\\/\\\/westwerkkultur.de\\\/\"},{\"@type\":\"ListItem\",\"position\":2,\"name\":\"Kunstkoffer\"}]},{\"@type\":\"WebSite\",\"@id\":\"https:\\\/\\\/westwerkkultur.de\\\/#website\",\"url\":\"https:\\\/\\\/westwerkkultur.de\\\/\",\"name\":\"WestWerkKultur\",\"description\":\"Wir rocken den Westen!\",\"publisher\":{\"@id\":\"https:\\\/\\\/westwerkkultur.de\\\/#organization\"},\"potentialAction\":[{\"@type\":\"SearchAction\",\"target\":{\"@type\":\"EntryPoint\",\"urlTemplate\":\"https:\\\/\\\/westwerkkultur.de\\\/?s={search_term_string}\"},\"query-input\":{\"@type\":\"PropertyValueSpecification\",\"valueRequired\":true,\"valueName\":\"search_term_string\"}}],\"inLanguage\":\"de\"},{\"@type\":\"Organization\",\"@id\":\"https:\\\/\\\/westwerkkultur.de\\\/#organization\",\"name\":\"WestWerkKultur\",\"url\":\"https:\\\/\\\/westwerkkultur.de\\\/\",\"logo\":{\"@type\":\"ImageObject\",\"inLanguage\":\"de\",\"@id\":\"https:\\\/\\\/westwerkkultur.de\\\/#\\\/schema\\\/logo\\\/image\\\/\",\"url\":\"https:\\\/\\\/westwerkkultur.de\\\/wp-content\\\/uploads\\\/2023\\\/02\\\/logo_kl.png\",\"contentUrl\":\"https:\\\/\\\/westwerkkultur.de\\\/wp-content\\\/uploads\\\/2023\\\/02\\\/logo_kl.png\",\"width\":200,\"height\":100,\"caption\":\"WestWerkKultur\"},\"image\":{\"@id\":\"https:\\\/\\\/westwerkkultur.de\\\/#\\\/schema\\\/logo\\\/image\\\/\"}}]}<\/script>\n<!-- \/ Yoast SEO plugin. -->","yoast_head_json":{"title":"Kunstkoffer - WestWerkKultur","robots":{"index":"index","follow":"follow","max-snippet":"max-snippet:-1","max-image-preview":"max-image-preview:large","max-video-preview":"max-video-preview:-1"},"canonical":"https:\/\/westwerkkultur.de\/index.php\/kunstkoffer\/","og_locale":"de_DE","og_type":"article","og_title":"Kunstkoffer - WestWerkKultur","og_description":"Die Kunst-Koffer Offenes Bildungsprojekt Die Idee der Kunst-Koffer ist ebenso schlicht wie erfolgreich: Kinder erfahren individuelle F\u00f6rderung \u00fcber k\u00fcnstlerische Mittel und hierf\u00fcr m\u00fcssen sie nicht ihr Lebensumfeld verlassen, sondern werden in ihrem Stadtviertel von mobilen Kunst-Koffer Wagen selbst aufgesucht. &#8222;Die Kunst-Koffer kommen&#8220; ist ein Projekt an der Schnittstelle von \u00e4sthetischer Bildung und sozialem Engagement, das weiterlesen...","og_url":"https:\/\/westwerkkultur.de\/index.php\/kunstkoffer\/","og_site_name":"WestWerkKultur","article_modified_time":"2025-06-23T19:51:23+00:00","og_image":[{"width":1200,"height":800,"url":"https:\/\/westwerkkultur.de\/wp-content\/uploads\/2023\/04\/kunstkoffer.jpg","type":"image\/jpeg"}],"twitter_card":"summary_large_image","twitter_misc":{"Gesch\u00e4tzte Lesezeit":"3\u00a0Minuten"},"schema":{"@context":"https:\/\/schema.org","@graph":[{"@type":"WebPage","@id":"https:\/\/westwerkkultur.de\/index.php\/kunstkoffer\/","url":"https:\/\/westwerkkultur.de\/index.php\/kunstkoffer\/","name":"Kunstkoffer - WestWerkKultur","isPartOf":{"@id":"https:\/\/westwerkkultur.de\/#website"},"primaryImageOfPage":{"@id":"https:\/\/westwerkkultur.de\/index.php\/kunstkoffer\/#primaryimage"},"image":{"@id":"https:\/\/westwerkkultur.de\/index.php\/kunstkoffer\/#primaryimage"},"thumbnailUrl":"https:\/\/westwerkkultur.de\/wp-content\/uploads\/2023\/04\/kunstkoffer-1024x683.jpg","datePublished":"2023-04-05T09:10:00+00:00","dateModified":"2025-06-23T19:51:23+00:00","breadcrumb":{"@id":"https:\/\/westwerkkultur.de\/index.php\/kunstkoffer\/#breadcrumb"},"inLanguage":"de","potentialAction":[{"@type":"ReadAction","target":["https:\/\/westwerkkultur.de\/index.php\/kunstkoffer\/"]}]},{"@type":"ImageObject","inLanguage":"de","@id":"https:\/\/westwerkkultur.de\/index.php\/kunstkoffer\/#primaryimage","url":"https:\/\/westwerkkultur.de\/wp-content\/uploads\/2023\/04\/kunstkoffer.jpg","contentUrl":"https:\/\/westwerkkultur.de\/wp-content\/uploads\/2023\/04\/kunstkoffer.jpg","width":1200,"height":800},{"@type":"BreadcrumbList","@id":"https:\/\/westwerkkultur.de\/index.php\/kunstkoffer\/#breadcrumb","itemListElement":[{"@type":"ListItem","position":1,"name":"Startseite","item":"https:\/\/westwerkkultur.de\/"},{"@type":"ListItem","position":2,"name":"Kunstkoffer"}]},{"@type":"WebSite","@id":"https:\/\/westwerkkultur.de\/#website","url":"https:\/\/westwerkkultur.de\/","name":"WestWerkKultur","description":"Wir rocken den Westen!","publisher":{"@id":"https:\/\/westwerkkultur.de\/#organization"},"potentialAction":[{"@type":"SearchAction","target":{"@type":"EntryPoint","urlTemplate":"https:\/\/westwerkkultur.de\/?s={search_term_string}"},"query-input":{"@type":"PropertyValueSpecification","valueRequired":true,"valueName":"search_term_string"}}],"inLanguage":"de"},{"@type":"Organization","@id":"https:\/\/westwerkkultur.de\/#organization","name":"WestWerkKultur","url":"https:\/\/westwerkkultur.de\/","logo":{"@type":"ImageObject","inLanguage":"de","@id":"https:\/\/westwerkkultur.de\/#\/schema\/logo\/image\/","url":"https:\/\/westwerkkultur.de\/wp-content\/uploads\/2023\/02\/logo_kl.png","contentUrl":"https:\/\/westwerkkultur.de\/wp-content\/uploads\/2023\/02\/logo_kl.png","width":200,"height":100,"caption":"WestWerkKultur"},"image":{"@id":"https:\/\/westwerkkultur.de\/#\/schema\/logo\/image\/"}}]}},"_links":{"self":[{"href":"https:\/\/westwerkkultur.de\/index.php\/wp-json\/wp\/v2\/pages\/908","targetHints":{"allow":["GET"]}}],"collection":[{"href":"https:\/\/westwerkkultur.de\/index.php\/wp-json\/wp\/v2\/pages"}],"about":[{"href":"https:\/\/westwerkkultur.de\/index.php\/wp-json\/wp\/v2\/types\/page"}],"author":[{"embeddable":true,"href":"https:\/\/westwerkkultur.de\/index.php\/wp-json\/wp\/v2\/users\/1"}],"replies":[{"embeddable":true,"href":"https:\/\/westwerkkultur.de\/index.php\/wp-json\/wp\/v2\/comments?post=908"}],"version-history":[{"count":12,"href":"https:\/\/westwerkkultur.de\/index.php\/wp-json\/wp\/v2\/pages\/908\/revisions"}],"predecessor-version":[{"id":1499,"href":"https:\/\/westwerkkultur.de\/index.php\/wp-json\/wp\/v2\/pages\/908\/revisions\/1499"}],"wp:attachment":[{"href":"https:\/\/westwerkkultur.de\/index.php\/wp-json\/wp\/v2\/media?parent=908"}],"curies":[{"name":"wp","href":"https:\/\/api.w.org\/{rel}","templated":true}]}}